{"id":1865,"date":"2022-03-22T12:05:49","date_gmt":"2022-03-22T12:05:49","guid":{"rendered":"http:\/\/www.see-marketing.de\/fotografie\/?page_id=1865"},"modified":"2022-03-28T15:24:42","modified_gmt":"2022-03-28T15:24:42","slug":"interior-design-fotografie-shop-des-affenbergs-salem","status":"publish","type":"page","link":"https:\/\/www.see-marketing.de\/fotografie\/interior-design-fotografie-shop-des-affenbergs-salem\/","title":{"rendered":"Interior Design-Fotografie: Shop des Affenbergs Salem"},"content":{"rendered":"<p>[et_pb_section fb_built=&#8220;1&#8243; _builder_version=&#8220;4.15&#8243; _module_preset=&#8220;default&#8220; background_color=&#8220;rgba(251,245,233,0.61)&#8220; custom_padding=&#8220;32px|||||&#8220; global_colors_info=&#8220;{}&#8220;][et_pb_row _builder_version=&#8220;4.15&#8243; _module_preset=&#8220;default&#8220; custom_padding=&#8220;0px|||||&#8220; global_colors_info=&#8220;{}&#8220;][et_pb_column type=&#8220;4_4&#8243; _builder_version=&#8220;4.15&#8243; _module_preset=&#8220;default&#8220; global_colors_info=&#8220;{}&#8220;][et_pb_text _builder_version=&#8220;4.15&#8243; _module_preset=&#8220;default&#8220; header_font=&#8220;|||on|||||&#8220; header_text_align=&#8220;left&#8220; header_font_size=&#8220;36px&#8220; header_letter_spacing=&#8220;1px&#8220; header_line_height=&#8220;2em&#8220; header_font_size_tablet=&#8220;24px&#8220; header_font_size_phone=&#8220;18px&#8220; header_font_size_last_edited=&#8220;on|phone&#8220; global_colors_info=&#8220;{}&#8220;]<\/p>\n<h1>Fotogalerie: Der Shop des Affenbergs Salem<\/h1>\n<p>[\/et_pb_text][et_pb_gallery gallery_ids=&#8220;6016,6018,6017&#8243; gallery_orderby=&#8220;rand&#8220; fullwidth=&#8220;on&#8220; db_image_max_width=&#8220;100%&#8220; db_image_row_spacing=&#8220;0%&#8220; db_image_object_fit=&#8220;contain&#8220; dbdb_version=&#8220;3.8.0&#8243; disabled_on=&#8220;on|off|off&#8220; _builder_version=&#8220;4.15&#8243; _module_preset=&#8220;default&#8220; auto=&#8220;on&#8220; auto_speed=&#8220;3000&#8243; global_colors_info=&#8220;{}&#8220;][\/et_pb_gallery][et_pb_text _builder_version=&#8220;4.15.1&#8243; _module_preset=&#8220;default&#8220; global_colors_info=&#8220;{}&#8220;]<\/p>\n<p>Mein Kunde Maler F\u00fcrderer war stolz auf das tolle Ergebnis: Er hatte im Shop des Affenbergs die Fototapeten angebracht. F\u00fcr ihn fotografierte ich; die Gesch\u00e4ftsleitung des Affenbergs war von einem meiner Fotos so begeistert, dass diese Top10-Destination am Bodensee es auf ihrer Startseite zeigt.<\/p>\n<p>Fast 200 <a href=\"https:\/\/www.affenberg-salem.de\/berberaffen\/\" target=\"_blank\" rel=\"noopener\">Berberaffen<\/a> leben auf dem Salemer Affenberg in einem 20 Hektar gro\u00dfen Gel\u00e4nde fast wie in freier Wildbahn. Ber\u00fchmt ist der Affenberg au\u00dferdem f\u00fcr seine <a href=\"https:\/\/affenberg-salem.de\/stoerche\" target=\"_blank\" rel=\"noopener\">Storchenkolonie<\/a><u>,<\/u> die gr\u00f6\u00dfte frei fliegende im s\u00fcddeutschen Raum, und f\u00fcr die <a href=\"https:\/\/affenberg-salem.de\/damwild\" target=\"_blank\" rel=\"noopener\">Damwildherde<\/a>, bei deren F\u00fctterung man zuschauen kann. Wer eine sch\u00f6ne Erinnerung an diese Erlebnisse mit nach Hause nehmen m\u00f6chte, findet sie im Shop.<\/p>\n<p>[\/et_pb_text][et_pb_code _builder_version=&#8220;4.15&#8243; _module_preset=&#8220;default&#8220; global_colors_info=&#8220;{}&#8220;]<div id=\"jig1\" class=\"justified-image-grid jig-7434bb60abe8a9aacb4a27e89151f1c0 jig-preset-4 jig-source-wp-gallery jig-id-6110\"><div class=\"jig-clearfix\"><\/div><noscript id=\"jig1-html\" class=\"justified-image-grid-html\" data-lazy-src=\"skiplazyload\" data-src=\"skipunveillazyload\"><ul><li><a href=\"https:\/\/www.see-marketing.de\/fotografie\/wp-content\/uploads\/marianne-kaindl_shop-des-affenbergs_1-1024x683.jpg\"><img loading=\"lazy\" decoding=\"async\" src=\"https:\/\/www.see-marketing.de\/fotografie\/wp-content\/plugins\/justified-image-grid\/timthumb.php?src=https%3A%2F%2Fwww.see-marketing.de%2Ffotografie%2Fwp-content%2Fuploads%2Fmarianne-kaindl_shop-des-affenbergs_1-1024x683.jpg&amp;h=335&amp;q=90&amp;f=.jpg\" alt=\"Shop des Affenbergs Salem\" width=\"502\" height=\"335\" \/><\/a><p class=\"jig-HTMLdescription\">Shop des Affenbergs Salem<\/p><\/li><li><a href=\"https:\/\/www.see-marketing.de\/fotografie\/wp-content\/uploads\/marianne-kaindl_shop-des-affenbergs_3-1024x683.jpg\"><img loading=\"lazy\" decoding=\"async\" src=\"https:\/\/www.see-marketing.de\/fotografie\/wp-content\/plugins\/justified-image-grid\/timthumb.php?src=https%3A%2F%2Fwww.see-marketing.de%2Ffotografie%2Fwp-content%2Fuploads%2Fmarianne-kaindl_shop-des-affenbergs_3-1024x683.jpg&amp;h=335&amp;q=90&amp;f=.jpg\" alt=\"Shop des Affenbergs Salem\" width=\"502\" height=\"335\" \/><\/a><p class=\"jig-HTMLdescription\">Shop des Affenbergs Salem<\/p><\/li><li><a href=\"https:\/\/www.see-marketing.de\/fotografie\/wp-content\/uploads\/marianne-kaindl_shop-des-affenbergs_2-1024x683.jpg\"><img loading=\"lazy\" decoding=\"async\" src=\"https:\/\/www.see-marketing.de\/fotografie\/wp-content\/plugins\/justified-image-grid\/timthumb.php?src=https%3A%2F%2Fwww.see-marketing.de%2Ffotografie%2Fwp-content%2Fuploads%2Fmarianne-kaindl_shop-des-affenbergs_2-1024x683.jpg&amp;h=335&amp;q=90&amp;f=.jpg\" alt=\"Shop des Affenbergs Salem\" width=\"502\" height=\"335\" \/><\/a><p class=\"jig-HTMLdescription\">Shop des Affenbergs Salem<\/p><\/li><\/ul><\/noscript><\/div>[\/et_pb_code][et_pb_text _builder_version=&#8220;4.15&#8243; _module_preset=&#8220;default&#8220; header_font=&#8220;|||on|||||&#8220; header_text_align=&#8220;left&#8220; header_font_size=&#8220;36px&#8220; header_letter_spacing=&#8220;1px&#8220; header_line_height=&#8220;2em&#8220; header_font_size_tablet=&#8220;24px&#8220; header_font_size_phone=&#8220;18px&#8220; header_font_size_last_edited=&#8220;on|phone&#8220; global_colors_info=&#8220;{}&#8220;]<\/p>\n<p>Website des Affenbergs: <a href=\"https:\/\/affenberg-salem.de\" target=\"_blank\" rel=\"noopener\">https:\/\/affenberg-salem.de<\/a><a href=\"https:\/\/www.see-marketing.de\/fotografie\/bodensee-impressionen\/\"><\/a><\/p>\n<p>[\/et_pb_text][et_pb_divider _builder_version=&#8220;4.15&#8243; _module_preset=&#8220;default&#8220; global_colors_info=&#8220;{}&#8220;][\/et_pb_divider][et_pb_text _builder_version=&#8220;4.15&#8243; _module_preset=&#8220;default&#8220; header_font=&#8220;|||on|||||&#8220; header_text_align=&#8220;left&#8220; header_font_size=&#8220;36px&#8220; header_letter_spacing=&#8220;1px&#8220; header_line_height=&#8220;2em&#8220; header_font_size_tablet=&#8220;24px&#8220; header_font_size_phone=&#8220;18px&#8220; header_font_size_last_edited=&#8220;on|phone&#8220; global_colors_info=&#8220;{}&#8220;]<\/p>\n<p><a href=\"https:\/\/www.see-marketing.de\/fotografie\/bodensee-impressionen\/\">Foto-Galerie &#8222;Bodensee-Impressionen&#8220;<\/a><\/p>\n<p>[\/et_pb_text][\/et_pb_column][\/et_pb_row][et_pb_row _builder_version=&#8220;4.15.1&#8243; _module_preset=&#8220;default&#8220; custom_padding=&#8220;100px|||||&#8220; global_colors_info=&#8220;{}&#8220;][et_pb_column type=&#8220;4_4&#8243; _builder_version=&#8220;4.15.1&#8243; _module_preset=&#8220;default&#8220; global_colors_info=&#8220;{}&#8220;][et_pb_button button_url=&#8220;https:\/\/www.see-marketing.de\/fotografie\/ueberblick-ueber-die-foto-galerien-dieser-website\/&#8220; button_text=&#8220;zur Galerien-\u00dcbersicht&#8220; button_alignment=&#8220;center&#8220; _builder_version=&#8220;4.15.1&#8243; _module_preset=&#8220;bd80ac75-c9b8-4736-af98-26b1dc258cc0&#8243; custom_button=&#8220;on&#8220; button_text_size=&#8220;14px&#8220; button_text_color=&#8220;#FFFFFF&#8220; button_bg_color=&#8220;#515845&#8243; button_border_width=&#8220;0px&#8220; button_border_radius=&#8220;0px&#8220; button_letter_spacing=&#8220;3px&#8220; button_font=&#8220;|700||on|||||&#8220; background_layout=&#8220;dark&#8220; custom_padding=&#8220;16px|32px|16px|32px|true|true&#8220; global_colors_info=&#8220;{}&#8220; button_bg_color__hover=&#8220;#000000&#8243; button_bg_color__hover_enabled=&#8220;on|desktop&#8220; button_text_color__hover=&#8220;#D6B170&#8243; button_text_color__hover_enabled=&#8220;on|desktop&#8220; button_bg_enable_color__hover=&#8220;on&#8220;][\/et_pb_button][\/et_pb_column][\/et_pb_row][\/et_pb_section]<\/p>\n","protected":false},"excerpt":{"rendered":"<p>Fotogalerie: Der Shop des Affenbergs SalemMein Kunde Maler F\u00fcrderer war stolz auf das tolle Ergebnis: Er hatte im Shop des Affenbergs die Fototapeten angebracht. F\u00fcr ihn fotografierte ich; die Gesch\u00e4ftsleitung des Affenbergs war von einem meiner Fotos so begeistert, dass diese Top10-Destination am Bodensee es auf ihrer Startseite zeigt. Fast 200 Berberaffen leben auf dem [&hellip;]<\/p>\n","protected":false},"author":1,"featured_media":6016,"parent":0,"menu_order":0,"comment_status":"closed","ping_status":"closed","template":"","meta":{"_et_pb_use_builder":"on","_et_pb_old_content":"","_et_gb_content_width":"","footnotes":""},"class_list":["post-1865","page","type-page","status-publish","has-post-thumbnail","hentry"],"yoast_head":"<!-- This site is optimized with the Yoast SEO plugin v27.5 - https:\/\/yoast.com\/product\/yoast-seo-wordpress\/ -->\n<title>Interior Design-Fotografie: Shop des Affenbergs Salem | Marianne Kaindl - Fotografie: Businessportr\u00e4ts, Hotelfotografie, KI-Art<\/title>\n<meta name=\"description\" content=\"Den Shop des Affenbergs Salem fotografierte ich im Auftrag eines der beteiligten Handwerker, Maler F\u00fcrderer. Der Affenberg selbst, eine der Top 10-Destinationen am Bodensee, zeigt eins der Fotos auf der Startseite seiner Website.\" \/>\n<meta name=\"robots\" content=\"index, follow, max-snippet:-1, max-image-preview:large, max-video-preview:-1\" \/>\n<link rel=\"canonical\" href=\"https:\/\/www.see-marketing.de\/fotografie\/interior-design-fotografie-shop-des-affenbergs-salem\/\" \/>\n<meta property=\"og:locale\" content=\"de_DE\" \/>\n<meta property=\"og:type\" content=\"article\" \/>\n<meta property=\"og:title\" content=\"Interior Design-Fotografie: Shop des Affenbergs Salem | Marianne Kaindl - Fotografie: Businessportr\u00e4ts, Hotelfotografie, KI-Art\" \/>\n<meta property=\"og:description\" content=\"Den Shop des Affenbergs Salem fotografierte ich im Auftrag eines der beteiligten Handwerker, Maler F\u00fcrderer. Der Affenberg selbst, eine der Top 10-Destinationen am Bodensee, zeigt eins der Fotos auf der Startseite seiner Website.\" \/>\n<meta property=\"og:url\" content=\"https:\/\/www.see-marketing.de\/fotografie\/interior-design-fotografie-shop-des-affenbergs-salem\/\" \/>\n<meta property=\"og:site_name\" content=\"Marianne Kaindl - Fotografie: Businessportr\u00e4ts, Hotelfotografie, KI-Art\" \/>\n<meta property=\"article:publisher\" content=\"https:\/\/www.facebook.com\/marianne.kaindl\" \/>\n<meta property=\"article:modified_time\" content=\"2022-03-28T15:24:42+00:00\" \/>\n<meta property=\"og:image\" content=\"https:\/\/www.see-marketing.de\/fotografie\/wp-content\/uploads\/marianne-kaindl_shop-des-affenbergs_1.jpg\" \/>\n\t<meta property=\"og:image:width\" content=\"1500\" \/>\n\t<meta property=\"og:image:height\" content=\"1000\" \/>\n\t<meta property=\"og:image:type\" content=\"image\/jpeg\" \/>\n<meta name=\"twitter:card\" content=\"summary_large_image\" \/>\n<meta name=\"twitter:label1\" content=\"Gesch\u00e4tzte Lesezeit\" \/>\n\t<meta name=\"twitter:data1\" content=\"3\u00a0Minuten\" \/>\n<script type=\"application\/ld+json\" class=\"yoast-schema-graph\">{\"@context\":\"https:\\\/\\\/schema.org\",\"@graph\":[{\"@type\":\"WebPage\",\"@id\":\"https:\\\/\\\/www.see-marketing.de\\\/fotografie\\\/interior-design-fotografie-shop-des-affenbergs-salem\\\/\",\"url\":\"https:\\\/\\\/www.see-marketing.de\\\/fotografie\\\/interior-design-fotografie-shop-des-affenbergs-salem\\\/\",\"name\":\"Interior Design-Fotografie: Shop des Affenbergs Salem | Marianne Kaindl - Fotografie: Businessportr\u00e4ts, Hotelfotografie, KI-Art\",\"isPartOf\":{\"@id\":\"https:\\\/\\\/www.see-marketing.de\\\/fotografie\\\/#website\"},\"primaryImageOfPage\":{\"@id\":\"https:\\\/\\\/www.see-marketing.de\\\/fotografie\\\/interior-design-fotografie-shop-des-affenbergs-salem\\\/#primaryimage\"},\"image\":{\"@id\":\"https:\\\/\\\/www.see-marketing.de\\\/fotografie\\\/interior-design-fotografie-shop-des-affenbergs-salem\\\/#primaryimage\"},\"thumbnailUrl\":\"https:\\\/\\\/www.see-marketing.de\\\/fotografie\\\/wp-content\\\/uploads\\\/marianne-kaindl_shop-des-affenbergs_1.jpg\",\"datePublished\":\"2022-03-22T12:05:49+00:00\",\"dateModified\":\"2022-03-28T15:24:42+00:00\",\"description\":\"Den Shop des Affenbergs Salem fotografierte ich im Auftrag eines der beteiligten Handwerker, Maler F\u00fcrderer. Der Affenberg selbst, eine der Top 10-Destinationen am Bodensee, zeigt eins der Fotos auf der Startseite seiner Website.\",\"breadcrumb\":{\"@id\":\"https:\\\/\\\/www.see-marketing.de\\\/fotografie\\\/interior-design-fotografie-shop-des-affenbergs-salem\\\/#breadcrumb\"},\"inLanguage\":\"de\",\"potentialAction\":[{\"@type\":\"ReadAction\",\"target\":[\"https:\\\/\\\/www.see-marketing.de\\\/fotografie\\\/interior-design-fotografie-shop-des-affenbergs-salem\\\/\"]}]},{\"@type\":\"ImageObject\",\"inLanguage\":\"de\",\"@id\":\"https:\\\/\\\/www.see-marketing.de\\\/fotografie\\\/interior-design-fotografie-shop-des-affenbergs-salem\\\/#primaryimage\",\"url\":\"https:\\\/\\\/www.see-marketing.de\\\/fotografie\\\/wp-content\\\/uploads\\\/marianne-kaindl_shop-des-affenbergs_1.jpg\",\"contentUrl\":\"https:\\\/\\\/www.see-marketing.de\\\/fotografie\\\/wp-content\\\/uploads\\\/marianne-kaindl_shop-des-affenbergs_1.jpg\",\"width\":1500,\"height\":1000,\"caption\":\"Shop des Affenbergs Salem\"},{\"@type\":\"BreadcrumbList\",\"@id\":\"https:\\\/\\\/www.see-marketing.de\\\/fotografie\\\/interior-design-fotografie-shop-des-affenbergs-salem\\\/#breadcrumb\",\"itemListElement\":[{\"@type\":\"ListItem\",\"position\":1,\"name\":\"Startseite\",\"item\":\"https:\\\/\\\/www.see-marketing.de\\\/fotografie\\\/\"},{\"@type\":\"ListItem\",\"position\":2,\"name\":\"Interior Design-Fotografie: Shop des Affenbergs Salem\"}]},{\"@type\":\"WebSite\",\"@id\":\"https:\\\/\\\/www.see-marketing.de\\\/fotografie\\\/#website\",\"url\":\"https:\\\/\\\/www.see-marketing.de\\\/fotografie\\\/\",\"name\":\"Marianne Kaindl - Fotografie: Businessportr\u00e4ts, Hotelfotografie, KI-Art\",\"description\":\"Fotos, die verzaubern und verkaufen\",\"publisher\":{\"@id\":\"https:\\\/\\\/www.see-marketing.de\\\/fotografie\\\/#organization\"},\"potentialAction\":[{\"@type\":\"SearchAction\",\"target\":{\"@type\":\"EntryPoint\",\"urlTemplate\":\"https:\\\/\\\/www.see-marketing.de\\\/fotografie\\\/?s={search_term_string}\"},\"query-input\":{\"@type\":\"PropertyValueSpecification\",\"valueRequired\":true,\"valueName\":\"search_term_string\"}}],\"inLanguage\":\"de\"},{\"@type\":\"Organization\",\"@id\":\"https:\\\/\\\/www.see-marketing.de\\\/fotografie\\\/#organization\",\"name\":\"See-Marketing\",\"url\":\"https:\\\/\\\/www.see-marketing.de\\\/fotografie\\\/\",\"logo\":{\"@type\":\"ImageObject\",\"inLanguage\":\"de\",\"@id\":\"https:\\\/\\\/www.see-marketing.de\\\/fotografie\\\/#\\\/schema\\\/logo\\\/image\\\/\",\"url\":\"https:\\\/\\\/www.see-marketing.de\\\/fotografie\\\/wp-content\\\/uploads\\\/mk_seemarketing.png\",\"contentUrl\":\"https:\\\/\\\/www.see-marketing.de\\\/fotografie\\\/wp-content\\\/uploads\\\/mk_seemarketing.png\",\"width\":400,\"height\":100,\"caption\":\"See-Marketing\"},\"image\":{\"@id\":\"https:\\\/\\\/www.see-marketing.de\\\/fotografie\\\/#\\\/schema\\\/logo\\\/image\\\/\"},\"sameAs\":[\"https:\\\/\\\/www.facebook.com\\\/marianne.kaindl\"]}]}<\/script>\n<!-- \/ Yoast SEO plugin. -->","yoast_head_json":{"title":"Interior Design-Fotografie: Shop des Affenbergs Salem | Marianne Kaindl - Fotografie: Businessportr\u00e4ts, Hotelfotografie, KI-Art","description":"Den Shop des Affenbergs Salem fotografierte ich im Auftrag eines der beteiligten Handwerker, Maler F\u00fcrderer. Der Affenberg selbst, eine der Top 10-Destinationen am Bodensee, zeigt eins der Fotos auf der Startseite seiner Website.","robots":{"index":"index","follow":"follow","max-snippet":"max-snippet:-1","max-image-preview":"max-image-preview:large","max-video-preview":"max-video-preview:-1"},"canonical":"https:\/\/www.see-marketing.de\/fotografie\/interior-design-fotografie-shop-des-affenbergs-salem\/","og_locale":"de_DE","og_type":"article","og_title":"Interior Design-Fotografie: Shop des Affenbergs Salem | Marianne Kaindl - Fotografie: Businessportr\u00e4ts, Hotelfotografie, KI-Art","og_description":"Den Shop des Affenbergs Salem fotografierte ich im Auftrag eines der beteiligten Handwerker, Maler F\u00fcrderer. Der Affenberg selbst, eine der Top 10-Destinationen am Bodensee, zeigt eins der Fotos auf der Startseite seiner Website.","og_url":"https:\/\/www.see-marketing.de\/fotografie\/interior-design-fotografie-shop-des-affenbergs-salem\/","og_site_name":"Marianne Kaindl - Fotografie: Businessportr\u00e4ts, Hotelfotografie, KI-Art","article_publisher":"https:\/\/www.facebook.com\/marianne.kaindl","article_modified_time":"2022-03-28T15:24:42+00:00","og_image":[{"width":1500,"height":1000,"url":"https:\/\/www.see-marketing.de\/fotografie\/wp-content\/uploads\/marianne-kaindl_shop-des-affenbergs_1.jpg","type":"image\/jpeg"}],"twitter_card":"summary_large_image","twitter_misc":{"Gesch\u00e4tzte Lesezeit":"3\u00a0Minuten"},"schema":{"@context":"https:\/\/schema.org","@graph":[{"@type":"WebPage","@id":"https:\/\/www.see-marketing.de\/fotografie\/interior-design-fotografie-shop-des-affenbergs-salem\/","url":"https:\/\/www.see-marketing.de\/fotografie\/interior-design-fotografie-shop-des-affenbergs-salem\/","name":"Interior Design-Fotografie: Shop des Affenbergs Salem | Marianne Kaindl - Fotografie: Businessportr\u00e4ts, Hotelfotografie, KI-Art","isPartOf":{"@id":"https:\/\/www.see-marketing.de\/fotografie\/#website"},"primaryImageOfPage":{"@id":"https:\/\/www.see-marketing.de\/fotografie\/interior-design-fotografie-shop-des-affenbergs-salem\/#primaryimage"},"image":{"@id":"https:\/\/www.see-marketing.de\/fotografie\/interior-design-fotografie-shop-des-affenbergs-salem\/#primaryimage"},"thumbnailUrl":"https:\/\/www.see-marketing.de\/fotografie\/wp-content\/uploads\/marianne-kaindl_shop-des-affenbergs_1.jpg","datePublished":"2022-03-22T12:05:49+00:00","dateModified":"2022-03-28T15:24:42+00:00","description":"Den Shop des Affenbergs Salem fotografierte ich im Auftrag eines der beteiligten Handwerker, Maler F\u00fcrderer. Der Affenberg selbst, eine der Top 10-Destinationen am Bodensee, zeigt eins der Fotos auf der Startseite seiner Website.","breadcrumb":{"@id":"https:\/\/www.see-marketing.de\/fotografie\/interior-design-fotografie-shop-des-affenbergs-salem\/#breadcrumb"},"inLanguage":"de","potentialAction":[{"@type":"ReadAction","target":["https:\/\/www.see-marketing.de\/fotografie\/interior-design-fotografie-shop-des-affenbergs-salem\/"]}]},{"@type":"ImageObject","inLanguage":"de","@id":"https:\/\/www.see-marketing.de\/fotografie\/interior-design-fotografie-shop-des-affenbergs-salem\/#primaryimage","url":"https:\/\/www.see-marketing.de\/fotografie\/wp-content\/uploads\/marianne-kaindl_shop-des-affenbergs_1.jpg","contentUrl":"https:\/\/www.see-marketing.de\/fotografie\/wp-content\/uploads\/marianne-kaindl_shop-des-affenbergs_1.jpg","width":1500,"height":1000,"caption":"Shop des Affenbergs Salem"},{"@type":"BreadcrumbList","@id":"https:\/\/www.see-marketing.de\/fotografie\/interior-design-fotografie-shop-des-affenbergs-salem\/#breadcrumb","itemListElement":[{"@type":"ListItem","position":1,"name":"Startseite","item":"https:\/\/www.see-marketing.de\/fotografie\/"},{"@type":"ListItem","position":2,"name":"Interior Design-Fotografie: Shop des Affenbergs Salem"}]},{"@type":"WebSite","@id":"https:\/\/www.see-marketing.de\/fotografie\/#website","url":"https:\/\/www.see-marketing.de\/fotografie\/","name":"Marianne Kaindl - Fotografie: Businessportr\u00e4ts, Hotelfotografie, KI-Art","description":"Fotos, die verzaubern und verkaufen","publisher":{"@id":"https:\/\/www.see-marketing.de\/fotografie\/#organization"},"potentialAction":[{"@type":"SearchAction","target":{"@type":"EntryPoint","urlTemplate":"https:\/\/www.see-marketing.de\/fotografie\/?s={search_term_string}"},"query-input":{"@type":"PropertyValueSpecification","valueRequired":true,"valueName":"search_term_string"}}],"inLanguage":"de"},{"@type":"Organization","@id":"https:\/\/www.see-marketing.de\/fotografie\/#organization","name":"See-Marketing","url":"https:\/\/www.see-marketing.de\/fotografie\/","logo":{"@type":"ImageObject","inLanguage":"de","@id":"https:\/\/www.see-marketing.de\/fotografie\/#\/schema\/logo\/image\/","url":"https:\/\/www.see-marketing.de\/fotografie\/wp-content\/uploads\/mk_seemarketing.png","contentUrl":"https:\/\/www.see-marketing.de\/fotografie\/wp-content\/uploads\/mk_seemarketing.png","width":400,"height":100,"caption":"See-Marketing"},"image":{"@id":"https:\/\/www.see-marketing.de\/fotografie\/#\/schema\/logo\/image\/"},"sameAs":["https:\/\/www.facebook.com\/marianne.kaindl"]}]}},"_links":{"self":[{"href":"https:\/\/www.see-marketing.de\/fotografie\/wp-json\/wp\/v2\/pages\/1865","targetHints":{"allow":["GET"]}}],"collection":[{"href":"https:\/\/www.see-marketing.de\/fotografie\/wp-json\/wp\/v2\/pages"}],"about":[{"href":"https:\/\/www.see-marketing.de\/fotografie\/wp-json\/wp\/v2\/types\/page"}],"author":[{"embeddable":true,"href":"https:\/\/www.see-marketing.de\/fotografie\/wp-json\/wp\/v2\/users\/1"}],"replies":[{"embeddable":true,"href":"https:\/\/www.see-marketing.de\/fotografie\/wp-json\/wp\/v2\/comments?post=1865"}],"version-history":[{"count":0,"href":"https:\/\/www.see-marketing.de\/fotografie\/wp-json\/wp\/v2\/pages\/1865\/revisions"}],"wp:featuredmedia":[{"embeddable":true,"href":"https:\/\/www.see-marketing.de\/fotografie\/wp-json\/wp\/v2\/media\/6016"}],"wp:attachment":[{"href":"https:\/\/www.see-marketing.de\/fotografie\/wp-json\/wp\/v2\/media?parent=1865"}],"curies":[{"name":"wp","href":"https:\/\/api.w.org\/{rel}","templated":true}]}}