{"id":5575,"date":"2022-03-28T14:39:23","date_gmt":"2022-03-28T14:39:23","guid":{"rendered":"http:\/\/www.see-marketing.de\/fotografie\/?page_id=5575"},"modified":"2022-06-30T13:23:47","modified_gmt":"2022-06-30T13:23:47","slug":"bodensee-impressionen","status":"publish","type":"page","link":"https:\/\/www.see-marketing.de\/fotografie\/bodensee-impressionen\/","title":{"rendered":"Fotogalerie Bodensee-Impressionen"},"content":{"rendered":"<p>[et_pb_section fb_built=&#8220;1&#8243; _builder_version=&#8220;4.16&#8243; _module_preset=&#8220;default&#8220; background_color=&#8220;rgba(251,245,233,0.61)&#8220; custom_padding=&#8220;32px|||||&#8220; global_colors_info=&#8220;{}&#8220;][et_pb_row _builder_version=&#8220;4.16&#8243; _module_preset=&#8220;default&#8220; custom_padding=&#8220;0px|||||&#8220; global_colors_info=&#8220;{}&#8220;][et_pb_column type=&#8220;4_4&#8243; _builder_version=&#8220;4.16&#8243; _module_preset=&#8220;default&#8220; global_colors_info=&#8220;{}&#8220;][et_pb_text _builder_version=&#8220;4.16&#8243; _module_preset=&#8220;default&#8220; ul_font_size=&#8220;16px&#8220; ul_line_height=&#8220;1.9em&#8220; header_font=&#8220;|||on|||||&#8220; header_text_align=&#8220;left&#8220; header_font_size=&#8220;36px&#8220; header_letter_spacing=&#8220;1px&#8220; header_line_height=&#8220;2em&#8220; header_font_size_tablet=&#8220;24px&#8220; header_font_size_phone=&#8220;18px&#8220; header_font_size_last_edited=&#8220;on|phone&#8220; global_colors_info=&#8220;{}&#8220;]<\/p>\n<h1>Bodensee-Impressionen<\/h1>\n<p>[\/et_pb_text][et_pb_gallery gallery_ids=&#8220;6010,6013,6012,6577,6011,6553,6522,6534,6004,6488,6654&#8243; gallery_orderby=&#8220;rand&#8220; fullwidth=&#8220;on&#8220; dbdb_version=&#8220;3.9.1&#8243; disabled_on=&#8220;on|off|off&#8220; _builder_version=&#8220;4.17.4&#8243; _module_preset=&#8220;default&#8220; auto=&#8220;on&#8220; auto_speed=&#8220;3000&#8243; global_colors_info=&#8220;{}&#8220;][\/et_pb_gallery][et_pb_text _builder_version=&#8220;4.16&#8243; _module_preset=&#8220;default&#8220; ul_font_size=&#8220;16px&#8220; ul_line_height=&#8220;1.9em&#8220; header_font=&#8220;|||on|||||&#8220; header_text_align=&#8220;left&#8220; header_font_size=&#8220;36px&#8220; header_letter_spacing=&#8220;1px&#8220; header_line_height=&#8220;2em&#8220; header_font_size_tablet=&#8220;24px&#8220; header_font_size_phone=&#8220;18px&#8220; header_font_size_last_edited=&#8220;on|phone&#8220; global_colors_info=&#8220;{}&#8220;]<\/p>\n<p>Sie w\u00fcnschen Fotos Ihres Ortes oder einer bestimmten Destination am Bodensee? Ich fotografiere sie sehr gerne f\u00fcr Sie und zeige Ihnen Fotos, die ich bereits aufgenommen habe.<\/p>\n<p>Auch die Fotos der Geb\u00e4ude und Landschaften (Ausnahmen: Mainau-Foto und Kunstwerk von Peter Lenk) auf dieser Seite k\u00f6nnen Sie bei mir erhalten<\/p>\n<ul>\n<li>als Lizenz f\u00fcr Ihre Brosch\u00fcre, Website oder Ihren Messeauftritt<\/li>\n<li>und nat\u00fcrlich auch als Druck in verschiedenen Gr\u00f6\u00dfen f\u00fcr Ihre Eingangshalle, ein Hotelzimmer, Ihren Besprechungsraum, Ihr Wohnzimmer oder als exquisites Geschenk.<\/li>\n<\/ul>\n<p>[\/et_pb_text][et_pb_code _builder_version=&#8220;4.16&#8243; _module_preset=&#8220;default&#8220; global_colors_info=&#8220;{}&#8220;]<div id=\"jig1\" class=\"justified-image-grid jig-1db5ef5bcd525266a676d90ed1f2c1d1 jig-preset-4 jig-source-wp-gallery jig-id-6085\"><div class=\"jig-clearfix\"><\/div><noscript id=\"jig1-html\" class=\"justified-image-grid-html\" data-lazy-src=\"skiplazyload\" data-src=\"skipunveillazyload\"><ul><li><a href=\"https:\/\/www.see-marketing.de\/fotografie\/wp-content\/uploads\/mariannekaindl_die-alte-burg-1024x683.jpg\"><img loading=\"lazy\" decoding=\"async\" src=\"https:\/\/www.see-marketing.de\/fotografie\/wp-content\/plugins\/justified-image-grid\/timthumb.php?src=https%3A%2F%2Fwww.see-marketing.de%2Ffotografie%2Fwp-content%2Fuploads%2Fmariannekaindl_die-alte-burg-1024x683.jpg&amp;h=335&amp;q=90&amp;f=.jpg\" alt=\"Die Alte Burg in Meersburg in der Goldenen Stunde\" width=\"502\" height=\"335\" \/><\/a><p class=\"jig-HTMLdescription\">Die Alte Burg in Meersburg in der Goldenen Stunde<\/p><\/li><li><a href=\"https:\/\/www.see-marketing.de\/fotografie\/wp-content\/uploads\/gewitter-faehre-1024x683.jpg\"><img loading=\"lazy\" decoding=\"async\" src=\"https:\/\/www.see-marketing.de\/fotografie\/wp-content\/plugins\/justified-image-grid\/timthumb.php?src=https%3A%2F%2Fwww.see-marketing.de%2Ffotografie%2Fwp-content%2Fuploads%2Fgewitter-faehre-1024x683.jpg&amp;h=335&amp;q=90&amp;f=.jpg\" alt=\"Gewitter am See\" width=\"502\" height=\"335\" \/><\/a><p class=\"jig-HTMLdescription\">Gewitter am See<\/p><\/li><li><a href=\"https:\/\/www.see-marketing.de\/fotografie\/wp-content\/uploads\/284454307_5095688820467510_6091082356022351meersburg-gewitter-handy-719x1024.jpg\"><img loading=\"lazy\" decoding=\"async\" src=\"https:\/\/www.see-marketing.de\/fotografie\/wp-content\/plugins\/justified-image-grid\/timthumb.php?src=https%3A%2F%2Fwww.see-marketing.de%2Ffotografie%2Fwp-content%2Fuploads%2F284454307_5095688820467510_6091082356022351meersburg-gewitter-handy-719x1024.jpg&amp;h=335&amp;q=90&amp;f=.jpg\" alt=\"Gewitter in Meersburg\" width=\"235\" height=\"335\" \/><\/a><p class=\"jig-HTMLdescription\">Gewitter in Meersburg<\/p><\/li><li><a href=\"https:\/\/www.see-marketing.de\/fotografie\/wp-content\/uploads\/marianne-kaindl_lenk-magische-saeule-1024x683.jpg\"><img loading=\"lazy\" decoding=\"async\" src=\"https:\/\/www.see-marketing.de\/fotografie\/wp-content\/plugins\/justified-image-grid\/timthumb.php?src=https%3A%2F%2Fwww.see-marketing.de%2Ffotografie%2Fwp-content%2Fuploads%2Fmarianne-kaindl_lenk-magische-saeule-1024x683.jpg&amp;h=335&amp;q=90&amp;f=.jpg\" alt=\"Die Magische S\u00e4ule von Peter Lenk in Meersburg\" width=\"502\" height=\"335\" \/><\/a><p class=\"jig-HTMLdescription\">Die Magische S\u00e4ule von Peter Lenk in Meersburg<\/p><\/li><li><a href=\"https:\/\/www.see-marketing.de\/fotografie\/wp-content\/uploads\/marianne-kaindl_bodensee-bei-regen-1024x683.jpg\"><img loading=\"lazy\" decoding=\"async\" src=\"https:\/\/www.see-marketing.de\/fotografie\/wp-content\/plugins\/justified-image-grid\/timthumb.php?src=https%3A%2F%2Fwww.see-marketing.de%2Ffotografie%2Fwp-content%2Fuploads%2Fmarianne-kaindl_bodensee-bei-regen-1024x683.jpg&amp;h=335&amp;q=90&amp;f=.jpg\" alt=\"Bodensee bei Meersburg mit Regenbogen\" width=\"502\" height=\"335\" \/><\/a><p class=\"jig-HTMLdescription\">Bodensee bei Meersburg mit Regenbogen<\/p><\/li><li><a href=\"https:\/\/www.see-marketing.de\/fotografie\/wp-content\/uploads\/marianne-kaindl_flockentanz_inselhotel-konstanz-im-winter-1024x679.jpg\"><img loading=\"lazy\" decoding=\"async\" src=\"https:\/\/www.see-marketing.de\/fotografie\/wp-content\/plugins\/justified-image-grid\/timthumb.php?src=https%3A%2F%2Fwww.see-marketing.de%2Ffotografie%2Fwp-content%2Fuploads%2Fmarianne-kaindl_flockentanz_inselhotel-konstanz-im-winter-1024x679.jpg&amp;h=335&amp;q=90&amp;f=.jpg\" alt=\"Konstanzer Flockentanz: Das Inselhotel in Konstanz am Bodensee im Winter\" width=\"505\" height=\"335\" \/><\/a><p class=\"jig-HTMLdescription\">Konstanzer Flockentanz: Das Inselhotel in Konstanz am Bodensee im Winter<\/p><\/li><li><a href=\"https:\/\/www.see-marketing.de\/fotografie\/wp-content\/uploads\/marianne-kaindl_die-alte-burg-ii-1024x683.jpg\"><img loading=\"lazy\" decoding=\"async\" src=\"https:\/\/www.see-marketing.de\/fotografie\/wp-content\/plugins\/justified-image-grid\/timthumb.php?src=https%3A%2F%2Fwww.see-marketing.de%2Ffotografie%2Fwp-content%2Fuploads%2Fmarianne-kaindl_die-alte-burg-ii-1024x683.jpg&amp;h=335&amp;q=90&amp;f=.jpg\" alt=\"Die \u00e4lteste bewohnte Burg Deutschlands: Die Alte Burg in Meersburg\" width=\"502\" height=\"335\" \/><\/a><p class=\"jig-HTMLdescription\">Die \u00e4lteste bewohnte Burg Deutschlands: Die Alte Burg in Meersburg<\/p><\/li><li><a href=\"https:\/\/www.see-marketing.de\/fotografie\/wp-content\/uploads\/schwaene_270522_MG_3880-1024x683.jpg\"><img loading=\"lazy\" decoding=\"async\" src=\"https:\/\/www.see-marketing.de\/fotografie\/wp-content\/plugins\/justified-image-grid\/timthumb.php?src=https%3A%2F%2Fwww.see-marketing.de%2Ffotografie%2Fwp-content%2Fuploads%2Fschwaene_270522_MG_3880-1024x683.jpg&amp;h=335&amp;q=90&amp;f=.jpg\" alt=\"Kuscheln mit Mama\" width=\"502\" height=\"335\" \/><\/a><p class=\"jig-HTMLdescription\">Kuscheln mit Mama<\/p><\/li><li><a href=\"https:\/\/www.see-marketing.de\/fotografie\/wp-content\/uploads\/marianne-kaindl_magische-saeule-in-meersburg_detailaufnahme-1024x683.jpg\"><img loading=\"lazy\" decoding=\"async\" src=\"https:\/\/www.see-marketing.de\/fotografie\/wp-content\/plugins\/justified-image-grid\/timthumb.php?src=https%3A%2F%2Fwww.see-marketing.de%2Ffotografie%2Fwp-content%2Fuploads%2Fmarianne-kaindl_magische-saeule-in-meersburg_detailaufnahme-1024x683.jpg&amp;h=335&amp;q=90&amp;f=.jpg\" alt=\"Der Meersburger Mondschubser: Detail aus der Magischen S\u00e4ule von Peter Lenk\" width=\"502\" height=\"335\" \/><\/a><p class=\"jig-HTMLdescription\">Der Meersburger Mondschubser: Detail aus der Magischen S\u00e4ule von Peter Lenk<\/p><\/li><li><a href=\"https:\/\/www.see-marketing.de\/fotografie\/wp-content\/uploads\/marianne-kaindl_bodensee-1024x683.jpg\"><img loading=\"lazy\" decoding=\"async\" src=\"https:\/\/www.see-marketing.de\/fotografie\/wp-content\/plugins\/justified-image-grid\/timthumb.php?src=https%3A%2F%2Fwww.see-marketing.de%2Ffotografie%2Fwp-content%2Fuploads%2Fmarianne-kaindl_bodensee-1024x683.jpg&amp;h=335&amp;q=90&amp;f=.jpg\" alt=\"durch exquisite Fotos (und gern \u2013 erg\u00e4nzend \u2013 professionelle Texte) auch die Vor- und Nachsaison weit effizienter nutzen\" width=\"502\" height=\"335\" \/><\/a><p class=\"jig-HTMLdescription\">durch exquisite Fotos (und gern \u2013 erg\u00e4nzend \u2013 professionelle Texte) auch die Vor- und Nachsaison weit effizienter nutzen<\/p><\/li><li><a href=\"https:\/\/www.see-marketing.de\/fotografie\/wp-content\/uploads\/marianne-kaindl_mainau-musikundorchideen_MG_3406-Bearbeitet-1024x683.jpg\"><img loading=\"lazy\" decoding=\"async\" src=\"https:\/\/www.see-marketing.de\/fotografie\/wp-content\/plugins\/justified-image-grid\/timthumb.php?src=https%3A%2F%2Fwww.see-marketing.de%2Ffotografie%2Fwp-content%2Fuploads%2Fmarianne-kaindl_mainau-musikundorchideen_MG_3406-Bearbeitet-1024x683.jpg&amp;h=335&amp;q=90&amp;f=.jpg\" alt=\"Mainau - Ausstellung Musikinstrumente und Orchideen\" width=\"502\" height=\"335\" \/><\/a><p class=\"jig-HTMLdescription\">Mainau - Ausstellung Musikinstrumente und Orchideen<\/p><\/li><li><a href=\"https:\/\/www.see-marketing.de\/fotografie\/wp-content\/uploads\/marianne-kaindl_schloss-heiligenberg2-1024x683.jpg\"><img loading=\"lazy\" decoding=\"async\" src=\"https:\/\/www.see-marketing.de\/fotografie\/wp-content\/plugins\/justified-image-grid\/timthumb.php?src=https%3A%2F%2Fwww.see-marketing.de%2Ffotografie%2Fwp-content%2Fuploads%2Fmarianne-kaindl_schloss-heiligenberg2-1024x683.jpg&amp;h=335&amp;q=90&amp;f=.jpg\" alt=\"Schloss Heiligenberg\" width=\"502\" height=\"335\" \/><\/a><p class=\"jig-HTMLdescription\">Schloss Heiligenberg<\/p><\/li><\/ul><\/noscript><\/div>[\/et_pb_code][et_pb_divider _builder_version=&#8220;4.17.4&#8243; _module_preset=&#8220;default&#8220; global_colors_info=&#8220;{}&#8220;][\/et_pb_divider][et_pb_text _builder_version=&#8220;4.17.4&#8243; _module_preset=&#8220;default&#8220; global_colors_info=&#8220;{}&#8220;]<\/p>\n<p><a href=\"https:\/\/www.see-marketing.de\/fotografie\/schwaene\/\">Foto-Galerie &#8222;Schwanenkinder am Bodensee&#8220;<\/a><\/p>\n<p>[\/et_pb_text][\/et_pb_column][\/et_pb_row][et_pb_row _builder_version=&#8220;4.16&#8243; _module_preset=&#8220;default&#8220; custom_padding=&#8220;100px|||||&#8220; global_colors_info=&#8220;{}&#8220;][et_pb_column type=&#8220;4_4&#8243; _builder_version=&#8220;4.16&#8243; _module_preset=&#8220;default&#8220; global_colors_info=&#8220;{}&#8220;][et_pb_button button_url=&#8220;https:\/\/www.see-marketing.de\/fotografie\/ueberblick-ueber-die-foto-galerien-dieser-website\/&#8220; button_text=&#8220;zur Galerien-\u00dcbersicht&#8220; button_alignment=&#8220;center&#8220; _builder_version=&#8220;4.16&#8243; _module_preset=&#8220;bd80ac75-c9b8-4736-af98-26b1dc258cc0&#8243; custom_button=&#8220;on&#8220; button_text_size=&#8220;14px&#8220; button_text_color=&#8220;#FFFFFF&#8220; button_bg_color=&#8220;#515845&#8243; button_border_width=&#8220;0px&#8220; button_border_radius=&#8220;0px&#8220; button_letter_spacing=&#8220;3px&#8220; button_font=&#8220;|700||on|||||&#8220; background_layout=&#8220;dark&#8220; custom_padding=&#8220;16px|32px|16px|32px|true|true&#8220; global_colors_info=&#8220;{}&#8220; button_bg_color__hover=&#8220;#000000&#8243; button_bg_color__hover_enabled=&#8220;on|desktop&#8220; button_text_color__hover=&#8220;#D6B170&#8243; button_text_color__hover_enabled=&#8220;on|desktop&#8220; button_bg_enable_color__hover=&#8220;on&#8220;][\/et_pb_button][\/et_pb_column][\/et_pb_row][\/et_pb_section]<\/p>\n","protected":false},"excerpt":{"rendered":"<p>Bodensee-ImpressionenSie w\u00fcnschen Fotos Ihres Ortes oder einer bestimmten Destination am Bodensee? Ich fotografiere sie sehr gerne f\u00fcr Sie und zeige Ihnen Fotos, die ich bereits aufgenommen habe. Auch die Fotos der Geb\u00e4ude und Landschaften (Ausnahmen: Mainau-Foto und Kunstwerk von Peter Lenk) auf dieser Seite k\u00f6nnen Sie bei mir erhalten als Lizenz f\u00fcr Ihre Brosch\u00fcre, Website [&hellip;]<\/p>\n","protected":false},"author":1,"featured_media":6010,"parent":0,"menu_order":0,"comment_status":"closed","ping_status":"closed","template":"","meta":{"_et_pb_use_builder":"on","_et_pb_old_content":"","_et_gb_content_width":"","footnotes":""},"class_list":["post-5575","page","type-page","status-publish","has-post-thumbnail","hentry"],"yoast_head":"<!-- This site is optimized with the Yoast SEO plugin v27.5 - https:\/\/yoast.com\/product\/yoast-seo-wordpress\/ -->\n<title>Fotogalerie Bodensee-Impressionen | Marianne Kaindl - Fotografie: Businessportr\u00e4ts, Hotelfotografie, KI-Art<\/title>\n<meta name=\"description\" content=\"Wenn Ihnen eins dieser Fotos so gef\u00e4llt, dass Sie es als Bild in einer G\u00e4stesuite oder in Ihrem Wohnzimmer haben m\u00f6chten, sprechen Sie mich an!\" \/>\n<meta name=\"robots\" content=\"index, follow, max-snippet:-1, max-image-preview:large, max-video-preview:-1\" \/>\n<link rel=\"canonical\" href=\"https:\/\/www.see-marketing.de\/fotografie\/bodensee-impressionen\/\" \/>\n<meta property=\"og:locale\" content=\"de_DE\" \/>\n<meta property=\"og:type\" content=\"article\" \/>\n<meta property=\"og:title\" content=\"Fotogalerie Bodensee-Impressionen | Marianne Kaindl - Fotografie: Businessportr\u00e4ts, Hotelfotografie, KI-Art\" \/>\n<meta property=\"og:description\" content=\"Wenn Ihnen eins dieser Fotos so gef\u00e4llt, dass Sie es als Bild in einer G\u00e4stesuite oder in Ihrem Wohnzimmer haben m\u00f6chten, sprechen Sie mich an!\" \/>\n<meta property=\"og:url\" content=\"https:\/\/www.see-marketing.de\/fotografie\/bodensee-impressionen\/\" \/>\n<meta property=\"og:site_name\" content=\"Marianne Kaindl - Fotografie: Businessportr\u00e4ts, Hotelfotografie, KI-Art\" \/>\n<meta property=\"article:publisher\" content=\"https:\/\/www.facebook.com\/marianne.kaindl\" \/>\n<meta property=\"article:modified_time\" content=\"2022-06-30T13:23:47+00:00\" \/>\n<meta property=\"og:image\" content=\"https:\/\/www.see-marketing.de\/fotografie\/wp-content\/uploads\/mariannekaindl_die-alte-burg.jpg\" \/>\n\t<meta property=\"og:image:width\" content=\"1500\" \/>\n\t<meta property=\"og:image:height\" content=\"1000\" \/>\n\t<meta property=\"og:image:type\" content=\"image\/jpeg\" \/>\n<meta name=\"twitter:card\" content=\"summary_large_image\" \/>\n<meta name=\"twitter:label1\" content=\"Gesch\u00e4tzte Lesezeit\" \/>\n\t<meta name=\"twitter:data1\" content=\"2\u00a0Minuten\" \/>\n<script type=\"application\/ld+json\" class=\"yoast-schema-graph\">{\"@context\":\"https:\\\/\\\/schema.org\",\"@graph\":[{\"@type\":\"WebPage\",\"@id\":\"https:\\\/\\\/www.see-marketing.de\\\/fotografie\\\/bodensee-impressionen\\\/\",\"url\":\"https:\\\/\\\/www.see-marketing.de\\\/fotografie\\\/bodensee-impressionen\\\/\",\"name\":\"Fotogalerie Bodensee-Impressionen | Marianne Kaindl - Fotografie: Businessportr\u00e4ts, Hotelfotografie, KI-Art\",\"isPartOf\":{\"@id\":\"https:\\\/\\\/www.see-marketing.de\\\/fotografie\\\/#website\"},\"primaryImageOfPage\":{\"@id\":\"https:\\\/\\\/www.see-marketing.de\\\/fotografie\\\/bodensee-impressionen\\\/#primaryimage\"},\"image\":{\"@id\":\"https:\\\/\\\/www.see-marketing.de\\\/fotografie\\\/bodensee-impressionen\\\/#primaryimage\"},\"thumbnailUrl\":\"https:\\\/\\\/www.see-marketing.de\\\/fotografie\\\/wp-content\\\/uploads\\\/mariannekaindl_die-alte-burg.jpg\",\"datePublished\":\"2022-03-28T14:39:23+00:00\",\"dateModified\":\"2022-06-30T13:23:47+00:00\",\"description\":\"Wenn Ihnen eins dieser Fotos so gef\u00e4llt, dass Sie es als Bild in einer G\u00e4stesuite oder in Ihrem Wohnzimmer haben m\u00f6chten, sprechen Sie mich an!\",\"breadcrumb\":{\"@id\":\"https:\\\/\\\/www.see-marketing.de\\\/fotografie\\\/bodensee-impressionen\\\/#breadcrumb\"},\"inLanguage\":\"de\",\"potentialAction\":[{\"@type\":\"ReadAction\",\"target\":[\"https:\\\/\\\/www.see-marketing.de\\\/fotografie\\\/bodensee-impressionen\\\/\"]}]},{\"@type\":\"ImageObject\",\"inLanguage\":\"de\",\"@id\":\"https:\\\/\\\/www.see-marketing.de\\\/fotografie\\\/bodensee-impressionen\\\/#primaryimage\",\"url\":\"https:\\\/\\\/www.see-marketing.de\\\/fotografie\\\/wp-content\\\/uploads\\\/mariannekaindl_die-alte-burg.jpg\",\"contentUrl\":\"https:\\\/\\\/www.see-marketing.de\\\/fotografie\\\/wp-content\\\/uploads\\\/mariannekaindl_die-alte-burg.jpg\",\"width\":1500,\"height\":1000,\"caption\":\"Die Alte Burg in Meersburg in der Goldenen Stunde\"},{\"@type\":\"BreadcrumbList\",\"@id\":\"https:\\\/\\\/www.see-marketing.de\\\/fotografie\\\/bodensee-impressionen\\\/#breadcrumb\",\"itemListElement\":[{\"@type\":\"ListItem\",\"position\":1,\"name\":\"Startseite\",\"item\":\"https:\\\/\\\/www.see-marketing.de\\\/fotografie\\\/\"},{\"@type\":\"ListItem\",\"position\":2,\"name\":\"Fotogalerie Bodensee-Impressionen\"}]},{\"@type\":\"WebSite\",\"@id\":\"https:\\\/\\\/www.see-marketing.de\\\/fotografie\\\/#website\",\"url\":\"https:\\\/\\\/www.see-marketing.de\\\/fotografie\\\/\",\"name\":\"Marianne Kaindl - Fotografie: Businessportr\u00e4ts, Hotelfotografie, KI-Art\",\"description\":\"Fotos, die verzaubern und verkaufen\",\"publisher\":{\"@id\":\"https:\\\/\\\/www.see-marketing.de\\\/fotografie\\\/#organization\"},\"potentialAction\":[{\"@type\":\"SearchAction\",\"target\":{\"@type\":\"EntryPoint\",\"urlTemplate\":\"https:\\\/\\\/www.see-marketing.de\\\/fotografie\\\/?s={search_term_string}\"},\"query-input\":{\"@type\":\"PropertyValueSpecification\",\"valueRequired\":true,\"valueName\":\"search_term_string\"}}],\"inLanguage\":\"de\"},{\"@type\":\"Organization\",\"@id\":\"https:\\\/\\\/www.see-marketing.de\\\/fotografie\\\/#organization\",\"name\":\"See-Marketing\",\"url\":\"https:\\\/\\\/www.see-marketing.de\\\/fotografie\\\/\",\"logo\":{\"@type\":\"ImageObject\",\"inLanguage\":\"de\",\"@id\":\"https:\\\/\\\/www.see-marketing.de\\\/fotografie\\\/#\\\/schema\\\/logo\\\/image\\\/\",\"url\":\"https:\\\/\\\/www.see-marketing.de\\\/fotografie\\\/wp-content\\\/uploads\\\/mk_seemarketing.png\",\"contentUrl\":\"https:\\\/\\\/www.see-marketing.de\\\/fotografie\\\/wp-content\\\/uploads\\\/mk_seemarketing.png\",\"width\":400,\"height\":100,\"caption\":\"See-Marketing\"},\"image\":{\"@id\":\"https:\\\/\\\/www.see-marketing.de\\\/fotografie\\\/#\\\/schema\\\/logo\\\/image\\\/\"},\"sameAs\":[\"https:\\\/\\\/www.facebook.com\\\/marianne.kaindl\"]}]}<\/script>\n<!-- \/ Yoast SEO plugin. -->","yoast_head_json":{"title":"Fotogalerie Bodensee-Impressionen | Marianne Kaindl - Fotografie: Businessportr\u00e4ts, Hotelfotografie, KI-Art","description":"Wenn Ihnen eins dieser Fotos so gef\u00e4llt, dass Sie es als Bild in einer G\u00e4stesuite oder in Ihrem Wohnzimmer haben m\u00f6chten, sprechen Sie mich an!","robots":{"index":"index","follow":"follow","max-snippet":"max-snippet:-1","max-image-preview":"max-image-preview:large","max-video-preview":"max-video-preview:-1"},"canonical":"https:\/\/www.see-marketing.de\/fotografie\/bodensee-impressionen\/","og_locale":"de_DE","og_type":"article","og_title":"Fotogalerie Bodensee-Impressionen | Marianne Kaindl - Fotografie: Businessportr\u00e4ts, Hotelfotografie, KI-Art","og_description":"Wenn Ihnen eins dieser Fotos so gef\u00e4llt, dass Sie es als Bild in einer G\u00e4stesuite oder in Ihrem Wohnzimmer haben m\u00f6chten, sprechen Sie mich an!","og_url":"https:\/\/www.see-marketing.de\/fotografie\/bodensee-impressionen\/","og_site_name":"Marianne Kaindl - Fotografie: Businessportr\u00e4ts, Hotelfotografie, KI-Art","article_publisher":"https:\/\/www.facebook.com\/marianne.kaindl","article_modified_time":"2022-06-30T13:23:47+00:00","og_image":[{"width":1500,"height":1000,"url":"https:\/\/www.see-marketing.de\/fotografie\/wp-content\/uploads\/mariannekaindl_die-alte-burg.jpg","type":"image\/jpeg"}],"twitter_card":"summary_large_image","twitter_misc":{"Gesch\u00e4tzte Lesezeit":"2\u00a0Minuten"},"schema":{"@context":"https:\/\/schema.org","@graph":[{"@type":"WebPage","@id":"https:\/\/www.see-marketing.de\/fotografie\/bodensee-impressionen\/","url":"https:\/\/www.see-marketing.de\/fotografie\/bodensee-impressionen\/","name":"Fotogalerie Bodensee-Impressionen | Marianne Kaindl - Fotografie: Businessportr\u00e4ts, Hotelfotografie, KI-Art","isPartOf":{"@id":"https:\/\/www.see-marketing.de\/fotografie\/#website"},"primaryImageOfPage":{"@id":"https:\/\/www.see-marketing.de\/fotografie\/bodensee-impressionen\/#primaryimage"},"image":{"@id":"https:\/\/www.see-marketing.de\/fotografie\/bodensee-impressionen\/#primaryimage"},"thumbnailUrl":"https:\/\/www.see-marketing.de\/fotografie\/wp-content\/uploads\/mariannekaindl_die-alte-burg.jpg","datePublished":"2022-03-28T14:39:23+00:00","dateModified":"2022-06-30T13:23:47+00:00","description":"Wenn Ihnen eins dieser Fotos so gef\u00e4llt, dass Sie es als Bild in einer G\u00e4stesuite oder in Ihrem Wohnzimmer haben m\u00f6chten, sprechen Sie mich an!","breadcrumb":{"@id":"https:\/\/www.see-marketing.de\/fotografie\/bodensee-impressionen\/#breadcrumb"},"inLanguage":"de","potentialAction":[{"@type":"ReadAction","target":["https:\/\/www.see-marketing.de\/fotografie\/bodensee-impressionen\/"]}]},{"@type":"ImageObject","inLanguage":"de","@id":"https:\/\/www.see-marketing.de\/fotografie\/bodensee-impressionen\/#primaryimage","url":"https:\/\/www.see-marketing.de\/fotografie\/wp-content\/uploads\/mariannekaindl_die-alte-burg.jpg","contentUrl":"https:\/\/www.see-marketing.de\/fotografie\/wp-content\/uploads\/mariannekaindl_die-alte-burg.jpg","width":1500,"height":1000,"caption":"Die Alte Burg in Meersburg in der Goldenen Stunde"},{"@type":"BreadcrumbList","@id":"https:\/\/www.see-marketing.de\/fotografie\/bodensee-impressionen\/#breadcrumb","itemListElement":[{"@type":"ListItem","position":1,"name":"Startseite","item":"https:\/\/www.see-marketing.de\/fotografie\/"},{"@type":"ListItem","position":2,"name":"Fotogalerie Bodensee-Impressionen"}]},{"@type":"WebSite","@id":"https:\/\/www.see-marketing.de\/fotografie\/#website","url":"https:\/\/www.see-marketing.de\/fotografie\/","name":"Marianne Kaindl - Fotografie: Businessportr\u00e4ts, Hotelfotografie, KI-Art","description":"Fotos, die verzaubern und verkaufen","publisher":{"@id":"https:\/\/www.see-marketing.de\/fotografie\/#organization"},"potentialAction":[{"@type":"SearchAction","target":{"@type":"EntryPoint","urlTemplate":"https:\/\/www.see-marketing.de\/fotografie\/?s={search_term_string}"},"query-input":{"@type":"PropertyValueSpecification","valueRequired":true,"valueName":"search_term_string"}}],"inLanguage":"de"},{"@type":"Organization","@id":"https:\/\/www.see-marketing.de\/fotografie\/#organization","name":"See-Marketing","url":"https:\/\/www.see-marketing.de\/fotografie\/","logo":{"@type":"ImageObject","inLanguage":"de","@id":"https:\/\/www.see-marketing.de\/fotografie\/#\/schema\/logo\/image\/","url":"https:\/\/www.see-marketing.de\/fotografie\/wp-content\/uploads\/mk_seemarketing.png","contentUrl":"https:\/\/www.see-marketing.de\/fotografie\/wp-content\/uploads\/mk_seemarketing.png","width":400,"height":100,"caption":"See-Marketing"},"image":{"@id":"https:\/\/www.see-marketing.de\/fotografie\/#\/schema\/logo\/image\/"},"sameAs":["https:\/\/www.facebook.com\/marianne.kaindl"]}]}},"_links":{"self":[{"href":"https:\/\/www.see-marketing.de\/fotografie\/wp-json\/wp\/v2\/pages\/5575","targetHints":{"allow":["GET"]}}],"collection":[{"href":"https:\/\/www.see-marketing.de\/fotografie\/wp-json\/wp\/v2\/pages"}],"about":[{"href":"https:\/\/www.see-marketing.de\/fotografie\/wp-json\/wp\/v2\/types\/page"}],"author":[{"embeddable":true,"href":"https:\/\/www.see-marketing.de\/fotografie\/wp-json\/wp\/v2\/users\/1"}],"replies":[{"embeddable":true,"href":"https:\/\/www.see-marketing.de\/fotografie\/wp-json\/wp\/v2\/comments?post=5575"}],"version-history":[{"count":0,"href":"https:\/\/www.see-marketing.de\/fotografie\/wp-json\/wp\/v2\/pages\/5575\/revisions"}],"wp:featuredmedia":[{"embeddable":true,"href":"https:\/\/www.see-marketing.de\/fotografie\/wp-json\/wp\/v2\/media\/6010"}],"wp:attachment":[{"href":"https:\/\/www.see-marketing.de\/fotografie\/wp-json\/wp\/v2\/media?parent=5575"}],"curies":[{"name":"wp","href":"https:\/\/api.w.org\/{rel}","templated":true}]}}